{"id":44,"date":"2012-08-15T21:05:20","date_gmt":"2012-08-15T21:05:20","guid":{"rendered":"http:\/\/korekgliwice.pl\/?page_id=44"},"modified":"2016-06-10T07:57:50","modified_gmt":"2016-06-10T07:57:50","slug":"sklep","status":"publish","type":"page","link":"http:\/\/www.korekgliwice.pl\/?page_id=44","title":{"rendered":"Sklep"},"content":{"rendered":"<p>W celu z\u0142o\u017cenia zam\u00f3wienia prosimy o kontakt mailowy: <a  href=\"mailto:biuro@korekgliwice.pl\" target=\"_blank\">biuro@korekgliwice.pl<\/a><\/p>\n<p>&nbsp;<\/p>\n<p>&nbsp;<\/p>\n<p>Zapraszamy do zapoznania si\u0119 z nasz\u0105 \u015bwi\u0105teczn\u0105 ofert\u0105 na eleganckie upominki<br \/>\nz winem.<\/p>\n<p>Prosimy o kontakt telefoniczny: 519 134 128 lub o wys\u0142anie zapytania mailem.<\/p>\n<!-- index.php -->\n<div\n\tclass=\"ngg-galleryoverview\"\n\tid=\"ngg-gallery-8ca01fb6606ccba8b9b25e90ed17247b-1\">\n\n    \t\t<!-- Thumbnails -->\n\t\t\t\t<div id=\"ngg-image-0\" class=\"ngg-gallery-thumbnail-box\" >\n\t\t\t\t        <div class=\"ngg-gallery-thumbnail\">\n            <a href=\"http:\/\/www.korekgliwice.pl\/wp-content\/gallery\/7-oferta-swiateczna\/1-swieta_2.jpg\"\n               title=\"\"\n               data-src=\"http:\/\/www.korekgliwice.pl\/wp-content\/gallery\/7-oferta-swiateczna\/1-swieta_2.jpg\"\n               data-thumbnail=\"http:\/\/www.korekgliwice.pl\/wp-content\/gallery\/7-oferta-swiateczna\/thumbs\/thumbs_1-swieta_2.jpg\"\n               data-image-id=\"145\"\n               data-title=\"1-wino\"\n               data-description=\"\"\n               data-image-slug=\"1-wino\"\n               class='thickbox' rel='8ca01fb6606ccba8b9b25e90ed17247b'>\n                <img\n                    title=\"1-wino\"\n                    alt=\"1-wino\"\n                    src=\"http:\/\/www.korekgliwice.pl\/index.php\/nextgen-image\/145\/200x150x100\/crop\/e15a712e39bcfb8d149341fdf8f98c44\"\n                    width=\"200\"\n                    height=\"150\"\n                    style=\"max-width:100%;\"\n                \/>\n            <\/a>\n        <\/div>\n\t\t\t\t\t\t\t<\/div> \n\t\t\t\n                            \n\t\t\t\t<div id=\"ngg-image-1\" class=\"ngg-gallery-thumbnail-box\" >\n\t\t\t\t        <div class=\"ngg-gallery-thumbnail\">\n            <a href=\"http:\/\/www.korekgliwice.pl\/wp-content\/gallery\/7-oferta-swiateczna\/2-swieta.jpg\"\n               title=\"\"\n               data-src=\"http:\/\/www.korekgliwice.pl\/wp-content\/gallery\/7-oferta-swiateczna\/2-swieta.jpg\"\n               data-thumbnail=\"http:\/\/www.korekgliwice.pl\/wp-content\/gallery\/7-oferta-swiateczna\/thumbs\/thumbs_2-swieta.jpg\"\n               data-image-id=\"146\"\n               data-title=\"2-kosz\"\n               data-description=\"\"\n               data-image-slug=\"2-kosz\"\n               class='thickbox' rel='8ca01fb6606ccba8b9b25e90ed17247b'>\n                <img\n                    title=\"2-kosz\"\n                    alt=\"2-kosz\"\n                    src=\"http:\/\/www.korekgliwice.pl\/index.php\/nextgen-image\/146\/200x150x100\/crop\/5a831c371eebf8271910e75f65b6800d\"\n                    width=\"200\"\n                    height=\"150\"\n                    style=\"max-width:100%;\"\n                \/>\n            <\/a>\n        <\/div>\n\t\t\t\t\t\t\t<\/div> \n\t\t\t\n                            \n\t\t\t\t<div id=\"ngg-image-2\" class=\"ngg-gallery-thumbnail-box\" >\n\t\t\t\t        <div class=\"ngg-gallery-thumbnail\">\n            <a href=\"http:\/\/www.korekgliwice.pl\/wp-content\/gallery\/7-oferta-swiateczna\/3-swieta_0.jpg\"\n               title=\"\"\n               data-src=\"http:\/\/www.korekgliwice.pl\/wp-content\/gallery\/7-oferta-swiateczna\/3-swieta_0.jpg\"\n               data-thumbnail=\"http:\/\/www.korekgliwice.pl\/wp-content\/gallery\/7-oferta-swiateczna\/thumbs\/thumbs_3-swieta_0.jpg\"\n               data-image-id=\"147\"\n               data-title=\"3-ma\u0142a skrzynka\"\n               data-description=\"\"\n               data-image-slug=\"3-mala-skrzynka\"\n               class='thickbox' rel='8ca01fb6606ccba8b9b25e90ed17247b'>\n                <img\n                    title=\"3-ma\u0142a skrzynka\"\n                    alt=\"3-ma\u0142a skrzynka\"\n                    src=\"http:\/\/www.korekgliwice.pl\/index.php\/nextgen-image\/147\/200x150x100\/crop\/766115d292275d348b4192ef539dfbb3\"\n                    width=\"200\"\n                    height=\"150\"\n                    style=\"max-width:100%;\"\n                \/>\n            <\/a>\n        <\/div>\n\t\t\t\t\t\t\t<\/div> \n\t\t\t\n                                    <br style=\"clear: both\" \/>\n                    \n\t\t\t\t<div id=\"ngg-image-3\" class=\"ngg-gallery-thumbnail-box\" >\n\t\t\t\t        <div class=\"ngg-gallery-thumbnail\">\n            <a href=\"http:\/\/www.korekgliwice.pl\/wp-content\/gallery\/7-oferta-swiateczna\/4-swieta.jpg\"\n               title=\"\"\n               data-src=\"http:\/\/www.korekgliwice.pl\/wp-content\/gallery\/7-oferta-swiateczna\/4-swieta.jpg\"\n               data-thumbnail=\"http:\/\/www.korekgliwice.pl\/wp-content\/gallery\/7-oferta-swiateczna\/thumbs\/thumbs_4-swieta.jpg\"\n               data-image-id=\"148\"\n               data-title=\"4-du\u017ca skrzynka\"\n               data-description=\"\"\n               data-image-slug=\"4-duza-skrzynka\"\n               class='thickbox' rel='8ca01fb6606ccba8b9b25e90ed17247b'>\n                <img\n                    title=\"4-du\u017ca skrzynka\"\n                    alt=\"4-du\u017ca skrzynka\"\n                    src=\"http:\/\/www.korekgliwice.pl\/index.php\/nextgen-image\/148\/200x150x100\/crop\/f656202196aab5e0ff1f4e48b36c5f8e\"\n                    width=\"200\"\n                    height=\"150\"\n                    style=\"max-width:100%;\"\n                \/>\n            <\/a>\n        <\/div>\n\t\t\t\t\t\t\t<\/div> \n\t\t\t\n                            \n\t\t\n\t\t<div class=\"ngg-clear\"><\/div>\n\t<\/div>\n\n<p>&nbsp;<\/p>\n<p>&nbsp;<\/p>\n","protected":false},"excerpt":{"rendered":"<p>W celu z\u0142o\u017cenia zam\u00f3wienia prosimy o kontakt mailowy: biuro@korekgliwice.pl &nbsp; &nbsp; Zapraszamy do zapoznania si\u0119 z nasz\u0105 \u015bwi\u0105teczn\u0105 ofert\u0105 na eleganckie upominki z winem. Prosimy o kontakt telefoniczny: 519 134 128 lub o wys\u0142anie zapytania mailem. &nbsp; &nbsp;<\/p>\n","protected":false},"author":2,"featured_media":0,"parent":0,"menu_order":0,"comment_status":"closed","ping_status":"open","template":"","meta":{"ngg_post_thumbnail":0},"_links":{"self":[{"href":"http:\/\/www.korekgliwice.pl\/index.php?rest_route=\/wp\/v2\/pages\/44"}],"collection":[{"href":"http:\/\/www.korekgliwice.pl\/index.php?rest_route=\/wp\/v2\/pages"}],"about":[{"href":"http:\/\/www.korekgliwice.pl\/index.php?rest_route=\/wp\/v2\/types\/page"}],"author":[{"embeddable":true,"href":"http:\/\/www.korekgliwice.pl\/index.php?rest_route=\/wp\/v2\/users\/2"}],"replies":[{"embeddable":true,"href":"http:\/\/www.korekgliwice.pl\/index.php?rest_route=%2Fwp%2Fv2%2Fcomments&post=44"}],"version-history":[{"count":5,"href":"http:\/\/www.korekgliwice.pl\/index.php?rest_route=\/wp\/v2\/pages\/44\/revisions"}],"predecessor-version":[{"id":278,"href":"http:\/\/www.korekgliwice.pl\/index.php?rest_route=\/wp\/v2\/pages\/44\/revisions\/278"}],"wp:attachment":[{"href":"http:\/\/www.korekgliwice.pl\/index.php?rest_route=%2Fwp%2Fv2%2Fmedia&parent=44"}],"curies":[{"name":"wp","href":"https:\/\/api.w.org\/{rel}","templated":true}]}}